{"id":330,"date":"2024-11-12T16:48:57","date_gmt":"2024-11-12T16:48:57","guid":{"rendered":"https:\/\/prueba.analisisambiental.com.co\/?page_id=330"},"modified":"2025-01-07T19:20:37","modified_gmt":"2025-01-07T19:20:37","slug":"blog","status":"publish","type":"page","link":"https:\/\/aambiental.co\/home\/blog\/","title":{"rendered":"Blog"},"content":{"rendered":"\t\t<div data-elementor-type=\"wp-page\" data-elementor-id=\"330\" class=\"elementor elementor-330\">\n\t\t\t\t\t\t<section class=\"elementor-section elementor-top-section elementor-element elementor-element-4eacc648 elementor-section-height-full elementor-section-boxed elementor-section-height-default elementor-section-items-middle\" data-id=\"4eacc648\" data-element_type=\"section\" data-settings=\"{&quot;background_background&quot;:&quot;classic&quot;}\">\n\t\t\t\t\t\t\t<div class=\"elementor-background-overlay\"><\/div>\n\t\t\t\t\t\t\t<div class=\"elementor-container elementor-column-gap-default\">\n\t\t\t\t\t<div class=\"elementor-column elementor-col-100 elementor-top-column elementor-element elementor-element-618a2d4f\" data-id=\"618a2d4f\" data-element_type=\"column\">\n\t\t\t<div class=\"elementor-widget-wrap elementor-element-populated\">\n\t\t\t\t\t\t<div class=\"elementor-element elementor-element-1345ad43 elementor-widget__width-initial elementor-widget elementor-widget-heading\" data-id=\"1345ad43\" data-element_type=\"widget\" data-widget_type=\"heading.default\">\n\t\t\t\t\t<h2 class=\"elementor-heading-title elementor-size-default\">An\u00e1lisis Ambiental <\/h2>\t\t\t\t<\/div>\n\t\t\t\t<div class=\"elementor-element elementor-element-6f6ce10f elementor-widget elementor-widget-heading\" data-id=\"6f6ce10f\" data-element_type=\"widget\" data-widget_type=\"heading.default\">\n\t\t\t\t\t<h1 class=\"elementor-heading-title elementor-size-default\">Nuestro Blog <\/h1>\t\t\t\t<\/div>\n\t\t\t\t\t<\/div>\n\t\t<\/div>\n\t\t\t\t\t<\/div>\n\t\t<\/section>\n\t\t\t\t<section class=\"elementor-section elementor-top-section elementor-element elementor-element-339347e3 elementor-section-boxed elementor-section-height-default elementor-section-height-default\" data-id=\"339347e3\" data-element_type=\"section\" data-settings=\"{&quot;background_background&quot;:&quot;classic&quot;}\">\n\t\t\t\t\t\t<div class=\"elementor-container elementor-column-gap-default\">\n\t\t\t\t\t<div class=\"elementor-column elementor-col-100 elementor-top-column elementor-element elementor-element-366eb22f\" data-id=\"366eb22f\" data-element_type=\"column\">\n\t\t\t<div class=\"elementor-widget-wrap elementor-element-populated\">\n\t\t\t\t\t\t<section class=\"elementor-section elementor-inner-section elementor-element elementor-element-6d59fbcc elementor-section-boxed elementor-section-height-default elementor-section-height-default\" data-id=\"6d59fbcc\" data-element_type=\"section\">\n\t\t\t\t\t\t<div class=\"elementor-container elementor-column-gap-default\">\n\t\t\t\t\t<div class=\"elementor-column elementor-col-100 elementor-inner-column elementor-element elementor-element-684b851e\" data-id=\"684b851e\" data-element_type=\"column\">\n\t\t\t<div class=\"elementor-widget-wrap elementor-element-populated\">\n\t\t\t\t\t\t<div class=\"elementor-element elementor-element-1d3b444 elementor-widget__width-initial elementor-widget-divider--view-line elementor-widget elementor-widget-divider\" data-id=\"1d3b444\" data-element_type=\"widget\" data-widget_type=\"divider.default\">\n\t\t\t\t\t\t\t<div class=\"elementor-divider\">\n\t\t\t<span class=\"elementor-divider-separator\">\n\t\t\t\t\t\t<\/span>\n\t\t<\/div>\n\t\t\t\t\t\t<\/div>\n\t\t\t\t<div class=\"elementor-element elementor-element-3833ecdb elementor-widget elementor-widget-heading\" data-id=\"3833ecdb\" data-element_type=\"widget\" data-widget_type=\"heading.default\">\n\t\t\t\t\t<h2 class=\"elementor-heading-title elementor-size-default\">Caracterizaci\u00f3n de vertimientos l\u00edquidos <\/h2>\t\t\t\t<\/div>\n\t\t\t\t\t<\/div>\n\t\t<\/div>\n\t\t\t\t\t<\/div>\n\t\t<\/section>\n\t\t\t\t\t<\/div>\n\t\t<\/div>\n\t\t\t\t\t<\/div>\n\t\t<\/section>\n\t\t<div class=\"elementor-element elementor-element-5964e1e e-flex e-con-boxed e-con e-parent\" data-id=\"5964e1e\" data-element_type=\"container\">\n\t\t\t\t\t<div class=\"e-con-inner\">\n\t\t<div class=\"elementor-element elementor-element-3e99eb6 e-con-full e-flex e-con e-child\" data-id=\"3e99eb6\" data-element_type=\"container\">\n\t\t\t\t<div class=\"elementor-element elementor-element-a38faa9 elementor-widget elementor-widget-image\" data-id=\"a38faa9\" data-element_type=\"widget\" data-widget_type=\"image.default\">\n\t\t\t\t\t\t\t\t\t\t\t\t\t\t\t<img fetchpriority=\"high\" decoding=\"async\" width=\"395\" height=\"355\" src=\"https:\/\/aambiental.co\/home\/wp-content\/uploads\/2024\/12\/Caracterizacion-de-vertimientos-liquidos-Analisis-Ambiental-Cali-Colombia.png\" class=\"attachment-medium_large size-medium_large wp-image-1774\" alt=\"\" srcset=\"https:\/\/aambiental.co\/home\/wp-content\/uploads\/2024\/12\/Caracterizacion-de-vertimientos-liquidos-Analisis-Ambiental-Cali-Colombia.png 395w, https:\/\/aambiental.co\/home\/wp-content\/uploads\/2024\/12\/Caracterizacion-de-vertimientos-liquidos-Analisis-Ambiental-Cali-Colombia-300x270.png 300w\" sizes=\"(max-width: 395px) 100vw, 395px\" \/>\t\t\t\t\t\t\t\t\t\t\t\t\t\t\t<\/div>\n\t\t\t\t<div class=\"elementor-element elementor-element-9e51405 elementor-widget elementor-widget-heading\" data-id=\"9e51405\" data-element_type=\"widget\" data-widget_type=\"heading.default\">\n\t\t\t\t\t<h2 class=\"elementor-heading-title elementor-size-default\">Vertimientos L\u00edquidos <\/h2>\t\t\t\t<\/div>\n\t\t\t\t<div class=\"elementor-element elementor-element-e8c8d14 elementor-widget elementor-widget-text-editor\" data-id=\"e8c8d14\" data-element_type=\"widget\" data-widget_type=\"text-editor.default\">\n\t\t\t\t\t\t\t\t\t<p>La toma de muestra y los an\u00e1lisis en laboratorio se realiza con personal t\u00e9cnico y profesional altamente calificado para realizar el acompa\u00f1amiento y asesor\u00eda al cliente para los estudios de vertimientos l\u00edquidos.<\/p>\t\t\t\t\t\t\t\t<\/div>\n\t\t\t\t<\/div>\n\t\t<div class=\"elementor-element elementor-element-d06ab76 e-con-full e-flex e-con e-child\" data-id=\"d06ab76\" data-element_type=\"container\">\n\t\t\t\t<div class=\"elementor-element elementor-element-bcc6a5f elementor-widget elementor-widget-image\" data-id=\"bcc6a5f\" data-element_type=\"widget\" data-widget_type=\"image.default\">\n\t\t\t\t\t\t\t\t\t\t\t\t\t\t\t<img decoding=\"async\" width=\"395\" height=\"355\" src=\"https:\/\/aambiental.co\/home\/wp-content\/uploads\/2025\/01\/Mesa-de-trabajo-1-100.jpg\" class=\"attachment-medium_large size-medium_large wp-image-2427\" alt=\"\" srcset=\"https:\/\/aambiental.co\/home\/wp-content\/uploads\/2025\/01\/Mesa-de-trabajo-1-100.jpg 395w, https:\/\/aambiental.co\/home\/wp-content\/uploads\/2025\/01\/Mesa-de-trabajo-1-100-300x270.jpg 300w\" sizes=\"(max-width: 395px) 100vw, 395px\" \/>\t\t\t\t\t\t\t\t\t\t\t\t\t\t\t<\/div>\n\t\t\t\t<div class=\"elementor-element elementor-element-5d01ec7 elementor-widget elementor-widget-heading\" data-id=\"5d01ec7\" data-element_type=\"widget\" data-widget_type=\"heading.default\">\n\t\t\t\t\t<h2 class=\"elementor-heading-title elementor-size-default\">Aguas Subterr\u00e1neas <\/h2>\t\t\t\t<\/div>\n\t\t\t\t<div class=\"elementor-element elementor-element-3018992 elementor-widget elementor-widget-text-editor\" data-id=\"3018992\" data-element_type=\"widget\" data-widget_type=\"text-editor.default\">\n\t\t\t\t\t\t\t\t\t<p>El estudio de Caracterizaci\u00f3n de Aguas Subterr\u00e1neas, sigue los lineamientos de la normatividad vigente en el territorio Colombiano; Decreto \u00danico Reglamentario 1076 de 2015 en la medici\u00f3n y posterior an\u00e1lisis e interpretaci\u00f3n de los par\u00e1metros de inter\u00e9s<\/p>\t\t\t\t\t\t\t\t<\/div>\n\t\t\t\t<\/div>\n\t\t\t\t\t<\/div>\n\t\t\t\t<\/div>\n\t\t<div class=\"elementor-element elementor-element-b34303a e-flex e-con-boxed e-con e-parent\" data-id=\"b34303a\" data-element_type=\"container\">\n\t\t\t\t\t<div class=\"e-con-inner\">\n\t\t<div class=\"elementor-element elementor-element-a8a3f9d e-con-full e-flex e-con e-child\" data-id=\"a8a3f9d\" data-element_type=\"container\">\n\t\t\t\t<div class=\"elementor-element elementor-element-cf5832f elementor-widget elementor-widget-heading\" data-id=\"cf5832f\" data-element_type=\"widget\" data-widget_type=\"heading.default\">\n\t\t\t\t\t<h2 class=\"elementor-heading-title elementor-size-default\">Evaluaci\u00f3n de la calidad del aire <\/h2>\t\t\t\t<\/div>\n\t\t\t\t<div class=\"elementor-element elementor-element-815f75b elementor-widget elementor-widget-text-editor\" data-id=\"815f75b\" data-element_type=\"widget\" data-widget_type=\"text-editor.default\">\n\t\t\t\t\t\t\t\t\t<p>Los Estudios de Calidad del Aire Ambiente, consisten en la captura de una muestra representativa de la calidad o condiciones medias del aire, para su posterior an\u00e1lisis en laboratorio. Dicho estudio sigue los lineamientos de la normatividad vigente en el territorio Colombiano; Resoluci\u00f3n 650 de marzo de 2010, resoluci\u00f3n 2154 de noviembre de 2010 y Resoluci\u00f3n 2254 de noviembre de 2017, o aqu\u00e9lla que la modifique, complemente o sustituya.<\/p>\t\t\t\t\t\t\t\t<\/div>\n\t\t\t\t<\/div>\n\t\t<div class=\"elementor-element elementor-element-2aab526 e-con-full e-flex e-con e-child\" data-id=\"2aab526\" data-element_type=\"container\">\n\t\t\t\t<div class=\"elementor-element elementor-element-87c5c09 elementor-widget elementor-widget-image\" data-id=\"87c5c09\" data-element_type=\"widget\" data-widget_type=\"image.default\">\n\t\t\t\t\t\t\t\t\t\t\t\t\t\t\t<img decoding=\"async\" width=\"395\" height=\"355\" src=\"https:\/\/aambiental.co\/home\/wp-content\/uploads\/2025\/01\/Mesa-de-trabajo-1-100-1.jpg\" class=\"attachment-medium_large size-medium_large wp-image-2441\" alt=\"\" srcset=\"https:\/\/aambiental.co\/home\/wp-content\/uploads\/2025\/01\/Mesa-de-trabajo-1-100-1.jpg 395w, https:\/\/aambiental.co\/home\/wp-content\/uploads\/2025\/01\/Mesa-de-trabajo-1-100-1-300x270.jpg 300w\" sizes=\"(max-width: 395px) 100vw, 395px\" \/>\t\t\t\t\t\t\t\t\t\t\t\t\t\t\t<\/div>\n\t\t\t\t<\/div>\n\t\t\t\t\t<\/div>\n\t\t\t\t<\/div>\n\t\t<div class=\"elementor-element elementor-element-f9fa0dd e-flex e-con-boxed e-con e-parent\" data-id=\"f9fa0dd\" data-element_type=\"container\">\n\t\t\t\t\t<div class=\"e-con-inner\">\n\t\t<div class=\"elementor-element elementor-element-9b6215b e-con-full e-flex e-con e-child\" data-id=\"9b6215b\" data-element_type=\"container\">\n\t\t\t\t<div class=\"elementor-element elementor-element-de8b4a5 elementor-widget elementor-widget-image\" data-id=\"de8b4a5\" data-element_type=\"widget\" data-widget_type=\"image.default\">\n\t\t\t\t\t\t\t\t\t\t\t\t\t\t\t<img loading=\"lazy\" decoding=\"async\" width=\"395\" height=\"355\" src=\"https:\/\/aambiental.co\/home\/wp-content\/uploads\/2025\/01\/Mesa-de-trabajo-2-100.jpg\" class=\"attachment-medium_large size-medium_large wp-image-2455\" alt=\"\" srcset=\"https:\/\/aambiental.co\/home\/wp-content\/uploads\/2025\/01\/Mesa-de-trabajo-2-100.jpg 395w, https:\/\/aambiental.co\/home\/wp-content\/uploads\/2025\/01\/Mesa-de-trabajo-2-100-300x270.jpg 300w\" sizes=\"(max-width: 395px) 100vw, 395px\" \/>\t\t\t\t\t\t\t\t\t\t\t\t\t\t\t<\/div>\n\t\t\t\t<div class=\"elementor-element elementor-element-287192c elementor-widget elementor-widget-heading\" data-id=\"287192c\" data-element_type=\"widget\" data-widget_type=\"heading.default\">\n\t\t\t\t\t<h2 class=\"elementor-heading-title elementor-size-default\">Cuantificaci\u00f3n de residuos<\/h2>\t\t\t\t<\/div>\n\t\t\t\t<div class=\"elementor-element elementor-element-641f158 elementor-widget elementor-widget-text-editor\" data-id=\"641f158\" data-element_type=\"widget\" data-widget_type=\"text-editor.default\">\n\t\t\t\t\t\t\t\t\t<p>La caracterizaci\u00f3n de los residuos s\u00f3lidos consiste en determinar las caracter\u00edsticas cualitativas y cuantitativas de los residuos s\u00f3lidos, identificando sus contenidos y propiedades.<\/p>\t\t\t\t\t\t\t\t<\/div>\n\t\t\t\t<\/div>\n\t\t\t\t<div class=\"elementor-element elementor-element-84fa728 elementor-widget elementor-widget-spacer\" data-id=\"84fa728\" data-element_type=\"widget\" data-widget_type=\"spacer.default\">\n\t\t\t\t\t\t\t<div class=\"elementor-spacer\">\n\t\t\t<div class=\"elementor-spacer-inner\"><\/div>\n\t\t<\/div>\n\t\t\t\t\t\t<\/div>\n\t\t<div class=\"elementor-element elementor-element-62fc9a0 e-con-full e-flex e-con e-child\" data-id=\"62fc9a0\" data-element_type=\"container\">\n\t\t\t\t<div class=\"elementor-element elementor-element-bd2352d elementor-widget elementor-widget-image\" data-id=\"bd2352d\" data-element_type=\"widget\" data-widget_type=\"image.default\">\n\t\t\t\t\t\t\t\t\t\t\t\t\t\t\t<img loading=\"lazy\" decoding=\"async\" width=\"395\" height=\"355\" src=\"https:\/\/aambiental.co\/home\/wp-content\/uploads\/2025\/01\/Mesa-de-trabajo-3-100.jpg\" class=\"attachment-medium_large size-medium_large wp-image-2457\" alt=\"\" srcset=\"https:\/\/aambiental.co\/home\/wp-content\/uploads\/2025\/01\/Mesa-de-trabajo-3-100.jpg 395w, https:\/\/aambiental.co\/home\/wp-content\/uploads\/2025\/01\/Mesa-de-trabajo-3-100-300x270.jpg 300w\" sizes=\"(max-width: 395px) 100vw, 395px\" \/>\t\t\t\t\t\t\t\t\t\t\t\t\t\t\t<\/div>\n\t\t\t\t<div class=\"elementor-element elementor-element-f49c400 elementor-widget elementor-widget-heading\" data-id=\"f49c400\" data-element_type=\"widget\" data-widget_type=\"heading.default\">\n\t\t\t\t\t<h2 class=\"elementor-heading-title elementor-size-default\">Residuos Peligrosos<\/h2>\t\t\t\t<\/div>\n\t\t\t\t<div class=\"elementor-element elementor-element-6e01e70 elementor-widget elementor-widget-text-editor\" data-id=\"6e01e70\" data-element_type=\"widget\" data-widget_type=\"text-editor.default\">\n\t\t\t\t\t\t\t\t\t<p>El estudio de Caracterizaci\u00f3n de Residuos, sigue los lineamientos del Decreto 4741 de diciembre de 2005 y la resoluci\u00f3n 0062 de marzo de 2007, o aqu\u00e9lla que la modifique, complemente o sustituya.<\/p><p>La toma de muestra y los an\u00e1lisis en laboratorio se realiza con personal t\u00e9cnico y profesional altamente calificado para realizar el acompa\u00f1amiento y asesor\u00eda al cliente para los estudios caracterizaci\u00f3n de residuos s\u00f3lidos.<\/p>\t\t\t\t\t\t\t\t<\/div>\n\t\t\t\t<\/div>\n\t\t\t\t<div class=\"elementor-element elementor-element-37c472c elementor-widget elementor-widget-spacer\" data-id=\"37c472c\" data-element_type=\"widget\" data-widget_type=\"spacer.default\">\n\t\t\t\t\t\t\t<div class=\"elementor-spacer\">\n\t\t\t<div class=\"elementor-spacer-inner\"><\/div>\n\t\t<\/div>\n\t\t\t\t\t\t<\/div>\n\t\t<div class=\"elementor-element elementor-element-64cd6f3 e-con-full e-flex e-con e-child\" data-id=\"64cd6f3\" data-element_type=\"container\">\n\t\t\t\t<div class=\"elementor-element elementor-element-b1bb7d8 elementor-widget elementor-widget-image\" data-id=\"b1bb7d8\" data-element_type=\"widget\" data-widget_type=\"image.default\">\n\t\t\t\t\t\t\t\t\t\t\t\t\t\t\t<img loading=\"lazy\" decoding=\"async\" width=\"395\" height=\"355\" src=\"https:\/\/aambiental.co\/home\/wp-content\/uploads\/2025\/01\/Mesa-de-trabajo-4-100.jpg\" class=\"attachment-medium_large size-medium_large wp-image-2461\" alt=\"\" srcset=\"https:\/\/aambiental.co\/home\/wp-content\/uploads\/2025\/01\/Mesa-de-trabajo-4-100.jpg 395w, https:\/\/aambiental.co\/home\/wp-content\/uploads\/2025\/01\/Mesa-de-trabajo-4-100-300x270.jpg 300w\" sizes=\"(max-width: 395px) 100vw, 395px\" \/>\t\t\t\t\t\t\t\t\t\t\t\t\t\t\t<\/div>\n\t\t\t\t<div class=\"elementor-element elementor-element-3bf85ab elementor-widget elementor-widget-heading\" data-id=\"3bf85ab\" data-element_type=\"widget\" data-widget_type=\"heading.default\">\n\t\t\t\t\t<h2 class=\"elementor-heading-title elementor-size-default\">An\u00e1lisis de suelos <\/h2>\t\t\t\t<\/div>\n\t\t\t\t<div class=\"elementor-element elementor-element-d6743b4 elementor-widget elementor-widget-text-editor\" data-id=\"d6743b4\" data-element_type=\"widget\" data-widget_type=\"text-editor.default\">\n\t\t\t\t\t\t\t\t\t<p>El muestreo de suelos y sedimentos consiste en la toma de muestra con el fin de determinar las caracter\u00edsticas fisicoqu\u00edmicas o de peligrosidad de un suelo superficial o de un \u00e1rea sumergida de acuerdo con los procedimientos establecidos en la resoluci\u00f3n 0062 de marzo de 2007, o aqu\u00e9lla que la modifique, complemente o sustituya. Posteriormente la muestra es transportada hasta el laboratorio para su respectivo an\u00e1lisis<\/p>\t\t\t\t\t\t\t\t<\/div>\n\t\t\t\t<\/div>\n\t\t\t\t\t<\/div>\n\t\t\t\t<\/div>\n\t\t\t\t<\/div>\n\t\t","protected":false},"excerpt":{"rendered":"<p>An\u00e1lisis Ambiental Nuestro Blog Caracterizaci\u00f3n de vertimientos l\u00edquidos Vertimientos L\u00edquidos La toma de muestra y los an\u00e1lisis en laboratorio se realiza con personal t\u00e9cnico y profesional altamente calificado para realizar el acompa\u00f1amiento y asesor\u00eda al cliente para los estudios de vertimientos l\u00edquidos. Aguas Subterr\u00e1neas El estudio de Caracterizaci\u00f3n de Aguas Subterr\u00e1neas, sigue los lineamientos de [&hellip;]<\/p>\n","protected":false},"author":1,"featured_media":0,"parent":0,"menu_order":0,"comment_status":"closed","ping_status":"closed","template":"elementor_header_footer","meta":{"footnotes":""},"class_list":["post-330","page","type-page","status-publish","hentry"],"blocksy_meta":[],"_links":{"self":[{"href":"https:\/\/aambiental.co\/home\/wp-json\/wp\/v2\/pages\/330","targetHints":{"allow":["GET"]}}],"collection":[{"href":"https:\/\/aambiental.co\/home\/wp-json\/wp\/v2\/pages"}],"about":[{"href":"https:\/\/aambiental.co\/home\/wp-json\/wp\/v2\/types\/page"}],"author":[{"embeddable":true,"href":"https:\/\/aambiental.co\/home\/wp-json\/wp\/v2\/users\/1"}],"replies":[{"embeddable":true,"href":"https:\/\/aambiental.co\/home\/wp-json\/wp\/v2\/comments?post=330"}],"version-history":[{"count":181,"href":"https:\/\/aambiental.co\/home\/wp-json\/wp\/v2\/pages\/330\/revisions"}],"predecessor-version":[{"id":2479,"href":"https:\/\/aambiental.co\/home\/wp-json\/wp\/v2\/pages\/330\/revisions\/2479"}],"wp:attachment":[{"href":"https:\/\/aambiental.co\/home\/wp-json\/wp\/v2\/media?parent=330"}],"curies":[{"name":"wp","href":"https:\/\/api.w.org\/{rel}","templated":true}]}}